{"id":20,"date":"2019-06-07T08:51:57","date_gmt":"2019-06-07T06:51:57","guid":{"rendered":"http:\/\/lacapitana.it\/new\/?page_id=20"},"modified":"2019-06-13T09:12:14","modified_gmt":"2019-06-13T07:12:14","slug":"privacy-policy","status":"publish","type":"page","link":"https:\/\/lacapitana.it\/?page_id=20","title":{"rendered":"Privacy Policy"},"content":{"rendered":"\r\n<h4 class=\"wp-block-heading\">Informativa e consenso al trattamento dei dati personali<\/h4>\r\n\r\n\r\nAi sensi del Regolamento Europeo 2016\/679 (GDPR) e del DLgs 30.6.2003, n. 196 (codice privacy), l\u2019azienda Vi fornisce alcune informazioni relative all\u2019utilizzo dei Vostri dati personali.\r\n\r\n\r\n\r\n<strong>Titolare del trattamento dati<\/strong>\r\n\r\n\r\n\r\n<span class=\"copyright\">Fattoria La Capitana &#8211; Via della Capitana 1, 58052 Magliano in Toscana (Grosseto) &#8211; P.iva 04935620486<\/span> \u2013 \u00e8 il Titolare del trattamento dei dati personali raccolti su questo sito ai sensi e per gli effetti del Codice della Privacy.\r\n\r\n\r\n\r\nDomande, commenti e richieste in merito alla presente Policy potranno essere indirizzate a <a href=\"mailto:info@lacapitana.it\">info@lacapitana.it<\/a>.\r\n\r\n\r\n\r\n<strong>Definizioni e riferimenti legali<\/strong>\r\n\r\n\r\n\r\n<strong>Dati Personali (o Dati)<\/strong>\r\n\r\n\r\n\r\nCostituisce dato personale qualunque informazione che, direttamente o indirettamente, anche in collegamento con qualsiasi altra informazione, ivi compreso un numero di identificazione personale, renda identificata o identificabile una persona fisica.\r\n\r\n\r\n\r\n<strong>Dati di Utilizzo<\/strong>\r\n\r\n\r\n\r\nSono le informazioni raccolte automaticamente attraverso questo Sito Web (anche da applicazioni di parti terze integrate in questo Sito Web), tra cui: gli indirizzi IP o i nomi a dominio dei computer utilizzati dall\u2019Utente che si connette con questo Sito Web, gli indirizzi in notazione URI (Uniform Resource Identifier), l\u2019orario della richiesta, il metodo utilizzato nell\u2019inoltrare la richiesta al server, la dimensione del file ottenuto in risposta, il codice numerico indicante lo stato della risposta dal server (buon fine, errore, ecc.) il paese di provenienza, le caratteristiche del browser e del sistema operativo utilizzati dal visitatore, le varie connotazioni temporali della visita (ad esempio il tempo di permanenza su ciascuna pagina) e i dettagli relativi all\u2019itinerario seguito all\u2019interno dell\u2019Applicazione, con particolare riferimento alla sequenza delle pagine consultate, ai parametri relativi al sistema operativo e all\u2019ambiente informatico dell\u2019Utente.\r\n\r\n\r\n\r\n<strong>Utente<\/strong>\r\n\r\n\r\n\r\nL\u2019individuo che utilizza questo Sito Web che, salvo ove diversamente specificato, coincide con l\u2019Interessato.\r\n\r\n\r\n\r\n<strong>Interessato<\/strong>\r\n\r\n\r\n\r\nLa persona fisica cui si riferiscono i Dati Personali.\r\n\r\n\r\n\r\n<strong>Responsabile del Trattamento (o Responsabile)<\/strong>\r\n\r\n\r\n\r\nLa persona fisica, giuridica, la pubblica amministrazione e qualsiasi altro ente che tratta dati personali per conto del Titolare, secondo quanto esposto nella presente privacy policy.\r\n\r\n\r\n\r\n<strong>Titolare del Trattamento (o Titolare)<\/strong>\r\n\r\n\r\n\r\nLa persona fisica o giuridica, l\u2019autorit\u00e0 pubblica, il servizio o altro organismo che, singolarmente o insieme ad altri, determina le finalit\u00e0 e i mezzi del trattamento di dati personali e gli strumenti adottati, ivi comprese le misure di sicurezza relative al funzionamento ed alla fruizione di questo Sito Web. Il Titolare del Trattamento, salvo quanto diversamente specificato, \u00e8 il titolare di questo Sito Web.\r\n\r\n\r\n\r\n<strong>Questo Sito Web (o questa Applicazione)<\/strong>\r\n\r\n\r\n\r\nLo strumento hardware o software mediante il quale sono raccolti e trattati i Dati Personali degli Utenti.\r\n\r\n\r\n\r\n<strong>Servizio<\/strong>\r\n\r\n\r\n\r\nIl Servizio fornito da questo Sito Web cos\u00ec come definito nei relativi termini (se presenti) su questo Sito\/applicazione.\r\n\r\n\r\n\r\n<strong>Unione Europea (o UE)<\/strong>\r\n\r\n\r\n\r\nSalvo ove diversamente specificato, ogni riferimento all\u2019Unione Europea contenuto in questo documento si intende esteso a tutti gli attuali stati membri dell\u2019Unione Europea e dello Spazio Economico Europeo.\r\n\r\n\r\n\r\n<strong>Riferimenti legali<\/strong>\r\n\r\n\r\n\r\nLa presente informativa privacy \u00e8 redatta sulla base di molteplici ordinamenti legislativi del Regolamento Europeo 2016\/679 (GDPR) e del DLgs 30.6.2003, n. 196 (codice privacy),\r\n\r\n\r\n\r\nOve non diversamente specificato, questa informativa privacy riguarda esclusivamente questo Sito Web.\r\n\r\n\r\n\r\n<strong>Tipologie di Dati raccolti<\/strong>\r\n\r\n\r\n\r\nFra i Dati Personali raccolti da questo Sito Web, in modo autonomo o tramite terze parti, ci sono: Cookie, Dati di utilizzo, nome, cognome, email, username e sito web.\r\n\r\n\r\n\r\nDettagli completi su ciascuna tipologia di dati raccolti sono forniti nelle sezioni dedicate di questa privacy policy o mediante specifici testi informativi visualizzati prima della raccolta dei dati stessi.\r\n\r\n\r\n\r\nI Dati Personali possono essere liberamente forniti dall\u2019Utente o, nel caso di Dati di Utilizzo, raccolti automaticamente durante l\u2019uso di questo Sito Web.\r\n\r\n\r\n\r\nSe non diversamente specificato, tutti i Dati richiesti da questo Sito Web sono obbligatori. Se l\u2019Utente rifiuta di comunicarli, potrebbe essere impossibile per questo Sito Web fornire il Servizio.\r\n\r\n\r\n\r\nNei casi in cui questo Sito Web indichi alcuni Dati come facoltatitivi, gli Utenti sono liberi di astenersi dal comunicare tali Dati, senza che ci\u00f2 abbia alcuna conseguenza sulla disponibilit\u00e0 del Servizio o sulla sua operativit\u00e0.\r\n\r\n\r\n\r\nGli Utenti che dovessero avere dubbi su quali Dati siano obbligatori, sono incoraggiati a contattare il Titolare.\r\n\r\n\r\n\r\nL\u2019eventuale utilizzo di Cookie \u2013 o di altri strumenti di tracciamento \u2013 da parte di questo Sito Web o dei titolari dei servizi terzi utilizzati da questo Sito Web, ove non diversamente precisato, ha la finalit\u00e0 di fornire il Servizio richiesto dall\u2019Utente, oltre alle ulteriori finalit\u00e0 descritte nel presente documento e nella Cookie Policy, se disponibile.\r\n\r\n\r\n\r\nL\u2019Utente si assume la responsabilit\u00e0 dei Dati Personali di terzi ottenuti, pubblicati o condivisi mediante questo Sito Web e garantisce di avere il diritto di comunicarli o diffonderli, liberando il Titolare da qualsiasi responsabilit\u00e0 verso terzi.\r\n\r\n\r\n\r\n<strong>Dati raccolti in maniera automatizzata<\/strong>\r\n\r\n\r\n\r\nDurante la navigazione degli utenti possono essere raccolte le seguenti informazioni che vengono conservate nei file di log del Sito:\r\n\r\n\r\n<ul class=\"wp-block-list\">\r\n \t<li>Indirizzo internet protocol (IP);<\/li>\r\n \t<li>Tipo di browser;<\/li>\r\n \t<li>Parametri del dispositivo usato per connettersi al Sito;<\/li>\r\n \t<li>Nome dell\u2019internet service provider (ISP);<\/li>\r\n \t<li>Data e orario di visita;<\/li>\r\n \t<li>Pagina web di provenienza del visitatore (referral) e di\r\nuscita;<\/li>\r\n \t<li>Eventualmente il numero di click.<\/li>\r\n<\/ul>\r\n\r\n\r\nQuesti dati vengono utilizzati per analizzare le tendenze degli utenti e raccogliere dati in forma aggregata, amministrare e garantire la sicurezza del Sito, e non sono in alcun modo riconducibili all\u2019identit\u00e0 dell\u2019Utente.\r\n\r\n\r\n\r\n<strong>Modalit\u00e0 e luogo del trattamento dei Dati raccolti<\/strong>\r\n\r\n\r\n\r\n<strong>Modalit\u00e0 di trattamento<\/strong>\r\n\r\n\r\n\r\nIl Titolare adotta le opportune misure di sicurezza volte ad impedire l\u2019accesso, la divulgazione, la modifica o la distruzione non autorizzate dei Dati Personali.\r\nIl trattamento viene effettuato mediante strumenti informatici e\/o telematici, con modalit\u00e0 organizzative e con logiche strettamente correlate alle finalit\u00e0 indicate.\r\n\r\n\r\n\r\nOltre al Titolare, in alcuni casi, potrebbero avere accesso ai Dati altri soggetti coinvolti nell\u2019organizzazione di questo Sito Web (personale amministrativo, commerciale, marketing, legali, amministratori di sistema) ovvero soggetti esterni (come fornitori di servizi tecnici terzi, corrieri postali, hosting provider, societ\u00e0 informatiche, agenzie di comunicazione) nominati anche, se necessario, Responsabili del Trattamento da parte del Titolare.\r\n\r\n\r\n\r\nL\u2019elenco aggiornato dei Responsabili potr\u00e0 sempre essere richiesto al Titolare del Trattamento.\r\n\r\n\r\n\r\n<strong>Base giuridica del trattamento<\/strong>\r\n\r\n\r\n\r\nIl Titolare tratta Dati Personali relativi all\u2019Utente in caso sussista una delle seguenti condizioni:\r\n\r\n\r\n<ul class=\"wp-block-list\">\r\n \t<li>l\u2019Utente ha prestato il consenso per una o pi\u00f9 finalit\u00e0 specifiche; Nota: in alcuni ordinamenti il Titolare pu\u00f2 essere autorizzato a trattare Dati Personali senza che debba sussistere il consenso dell\u2019Utente o un\u2019altra delle basi giuridiche specificate di seguito, fino a quando l\u2019Utente non si opponga (\u201copt-out\u201d) a tale trattamento. Ci\u00f2 non \u00e8 tuttavia applicabile qualora il trattamento di Dati Personali sia regolato dalla legislazione europea in materia di protezione dei Dati Personali;<\/li>\r\n \t<li>il trattamento \u00e8 necessario all\u2019esecuzione di un contratto con l\u2019Utente e\/o all\u2019esecuzione di misure precontrattuali;<\/li>\r\n \t<li>il trattamento \u00e8 necessario per adempiere un obbligo legale al quale \u00e8 soggetto il Titolare;<\/li>\r\n \t<li>il trattamento \u00e8 necessario per l\u2019esecuzione di un compito di interesse pubblico o per l\u2019esercizio di pubblici poteri di cui \u00e8 investito il Titolare;<\/li>\r\n \t<li>il trattamento \u00e8 necessario per il perseguimento del legittimo interesse del Titolare o di terzi.<\/li>\r\n<\/ul>\r\n\r\n\r\n\u00c8 comunque sempre possibile richiedere al Titolare di chiarire la concreta base giuridica di ciascun trattamento ed in particolare di specificare se il trattamento sia basato sulla legge, previsto da un contratto o necessario per concludere un contratto.\r\n\r\n\r\n\r\n<strong>Luogo<\/strong>\r\n\r\n\r\n\r\nI Dati sono trattati presso le sedi operative del Titolare ed in ogni altro luogo in cui le parti coinvolte nel trattamento siano localizzate. Per ulteriori informazioni, contatta il Titolare.\r\n\r\n\r\n\r\nI Dati Personali dell\u2019Utente potrebbero essere trasferiti in un paese diverso da quello in cui l\u2019Utente si trova. Per ottenere ulteriori informazioni sul luogo del trattamento l\u2019Utente pu\u00f2 fare riferimento alla sezione relativa ai dettagli sul trattamento dei Dati Personali.\r\n\r\n\r\n\r\nL\u2019Utente ha diritto a ottenere informazioni in merito alla base giuridica del trasferimento di Dati al di fuori dell\u2019Unione Europea o ad un\u2019organizzazione internazionale di diritto internazionale pubblico o costituita da due o pi\u00f9 paesi, come ad esempio l\u2019ONU, nonch\u00e9 in merito alle misure di sicurezza adottate dal Titolare per proteggere i Dati.\r\n\r\n\r\n\r\nQualora abbia luogo uno dei trasferimenti appena descritti, l\u2019Utente pu\u00f2 fare riferimento alle rispettive sezioni di questo documento o chiedere informazioni al Titolare contattandolo agli estremi riportati in apertura.\r\n\r\n\r\n\r\n<strong>Periodo di conservazione<\/strong>\r\n\r\n\r\n\r\nI Dati sono trattati e conservati per il tempo richiesto dalle finalit\u00e0 per le quali sono stati raccolti.\r\n\r\n\r\n\r\nPertanto:\r\n\r\n\r\n<ul class=\"wp-block-list\">\r\n \t<li>I Dati Personali raccolti per scopi collegati all\u2019esecuzione di un contratto tra il Titolare e l\u2019Utente saranno trattenuti sino a quando sia completata l\u2019esecuzione di tale contratto.<\/li>\r\n \t<li>I Dati Personali raccolti per finalit\u00e0 riconducibili all\u2019interesse legittimo del Titolare saranno trattenuti sino al soddisfacimento di tale interesse. L\u2019Utente pu\u00f2 ottenere ulteriori informazioni in merito all\u2019interesse legittimo perseguito dal Titolare nelle relative sezioni di questo documento o contattando il Titolare.<\/li>\r\n<\/ul>\r\n\r\n\r\nQuando il trattamento \u00e8 basato sul consenso dell\u2019Utente, il Titolare pu\u00f2 conservare i Dati Personali pi\u00f9 a lungo sino a quando detto consenso non venga revocato. Inoltre il Titolare potrebbe essere obbligato a conservare i Dati Personali per un periodo pi\u00f9 lungo in ottemperanza ad un obbligo di legge o per ordine di un\u2019autorit\u00e0.\r\n\r\n\r\n\r\nAl termine del periodo di conservazioni i Dati Personali saranno cancellati. Pertanto, allo spirare di tale termine il diritto di accesso, cancellazione, rettificazione ed il diritto alla portabilit\u00e0 dei Dati non potranno pi\u00f9 essere esercitati.\r\n\r\n\r\n\r\n<strong>Finalit\u00e0 del Trattamento dei Dati raccolti<\/strong>\r\n\r\n\r\n\r\nI Dati dell\u2019Utente sono raccolti per consentire al Titolare di fornire i propri Servizi, cos\u00ec come per le seguenti finalit\u00e0: Statistica, Contattare l\u2019Utente, Commento dei contenuti, Visualizzazione di contenuti da piattaforme esterne, Interazione con social network e piattaforme esterne, Protezione dallo SPAM, Gestione dei database di Utenti e Interazione con le piattaforme di live chat.\r\n\r\n\r\n\r\nI dati personali sono trattati, per l\u2019adempimento di obblighi contrattuali, nell\u2019ambito della normale attivit\u00e0 di questa azienda, con le seguenti finalit\u00e0:\r\n\r\n\r\n\r\n&#8211; finalit\u00e0 connesse all\u2019adempimento degli obblighi previsti dalla legge in materia fiscale, contabile, o in altra materia richiesta dall\u2019interessato;\r\n\r\n\r\n\r\n&#8211; finalit\u00e0 strettamente connesse e strumentali alla gestione dei rapporti con l\u2019interessato (ad esempio, acquisizione di informazioni preliminari alla conclusione di un contratto e\/o esecuzione di operazioni sulla base degli obblighi derivanti da un contratto concluso).\r\n\r\n\r\n\r\nPer ottenere ulteriori informazioni dettagliate sulle finalit\u00e0 del trattamento e sui Dati Personali concretamente rilevanti per ciascuna finalit\u00e0, l\u2019Utente pu\u00f2 fare riferimento alle relative sezioni di questo documento.\r\n\r\n\r\n\r\nI trattamenti connessi ai servizi web di questo Sito sono curati da personale incaricato del trattamento, oppure da eventuali incaricati di occasionali operazioni di manutenzione. I sistemi informatici e le procedure software preposte alla consultazione di questo Sito web acquisiscono, per la sola durata della connessione, alcuni dati identificativi impliciti nell\u2019uso dei protocolli di comunicazione di Internet. Tali dati identificativi non sono memorizzati in modo permanente e non sono raccolti per essere associati a interessati identificati, ma per loro stessa natura potrebbero, attraverso elaborazioni ed associazioni con dati detenuti da terzi, permettere di identificare gli utenti.\r\n\r\n\r\n\r\nL\u2019invio facoltativo e volontario di posta elettronica agli indirizzi indicati su questo Sito, comporta la successiva acquisizione dell\u2019indirizzo del mittente necessario per rispondere alle richieste, nonch\u00e9 degli eventuali altri dati personali inseriti nella missiva. L\u2019utilizzazione dei dati personali per l\u2019eventuale invio di materiale pubblicitario, informazioni commerciali, vendita di prodotti o servizi potr\u00e0 avvenire solo previo rilascio del consenso da parte del mittente.\r\n\r\n\r\n\r\nLa natura del conferimento dei dati \u00e8 obbligatoria quando necessaria all\u2019espletamento dell\u2019eventuale servizio richiesto: il rifiuto di fornire i dati comporta l\u2019impossibilit\u00e0 di fornire il servizio richiesto. I dati potranno essere comunque comunicati a soggetti delegati all\u2019espletamento delle attivit\u00e0 necessarie per la fornitura del servizio reso e diffusi esclusivamente nell\u2019ambito di tale finalit\u00e0.\r\n\r\n\r\n\r\nUlteriori informazioni sulle modalit\u00e0 e finalit\u00e0 del trattamento dei dati personali sono fornite nelle diverse sezioni del Sito in occasione della loro comunicazione da parte del visitatore.\r\n\r\n\r\n\r\n<strong>Categorie cui i dati personali possono essere comunicati<\/strong>\r\n\r\n\r\n\r\nPer lo svolgimento della propria attivit\u00e0, l\u2019azienda pu\u00f2 avere la necessit\u00e0 di comunicare i dati dell\u2019interessato alle seguenti categorie di soggetti:\r\n\r\n\r\n\r\n\u2022 presso lo studio del commercialista, quindi ad uffici pubblici ed organi dell\u2019Amministrazione finanziaria, per lo svolgimento di compiti rientranti nella normale attivit\u00e0 d\u2019azienda (ad esempio dichiarazioni fiscali, tenuta della contabilit\u00e0, risoluzione delle controversie relative a contestazioni, ecc.);\r\n\r\n\r\n\r\n\u2022 studi notarili, commerciali, tecnici e legali, per la redazione di atti o la gestione di controversie di cui sia parte l\u2019interessato;\r\n\r\n\r\n\r\n\u2022 tutti i soggetti che, in forza di leggi e\/o regolamenti anche comunitari, possono o richiedono di accedere ai dati.\r\n\r\n\r\n\r\nI suddetti soggetti utilizzeranno i dati in qualit\u00e0 di \u201ctitolari\u201d ai sensi di legge, in piena autonomia, essendo estranei al trattamento svolto presso questa azienda.\r\n\r\n\r\n\r\nSenza il consenso dell\u2019interessato alle comunicazioni ai terzi ed ai correlati trattamenti l\u2019azienda non potr\u00e0 dar corso ai servizi richiesti.\r\n\r\n\r\n\r\nLa consegna di documenti contenenti dati personali, non sensibili e\/o giudiziari, ha valore di consenso al trattamento degli stessi.\r\n\r\n\r\n\r\n<strong>Dettagli sul trattamento dei Dati Personali<\/strong>\r\n\r\n\r\n\r\nI Dati Personali sono raccolti per le seguenti finalit\u00e0 ed utilizzando i seguenti servizi:\r\n\r\n\r\n<h4 class=\"wp-block-heading\">Akismet (Automattic Inc.)<\/h4>\r\n\r\n\r\nAkismet \u00e8 un servizio di protezione dallo SPAM fornito da Automattic Inc.\r\nDati personali raccolti: Varie tipologie di Dati secondo quanto specificato dalla privacy policy del servizio.\r\nLuogo del trattamento: USA\r\n<a href=\"https:\/\/automattic.com\/privacy\/\" target=\"_blank\" rel=\"noreferrer noopener\">Privacy Policy Akismet<\/a>\r\n\r\n\r\n\r\n<strong>Form o Modulo di Contatto<\/strong>\r\n\r\n\r\n\r\nL\u2019Utente acconsente all\u2019utilizzo dei dati inseriti nel form di contatto al fine di rispondere alle richieste di preventivo, di informazione, assistenza o di qualunque altra natura indicata dall\u2019intestazione del modulo.\r\n<em>Dati personali raccolti: <\/em>Nome, Cognome e\/o Ragione sociale, email e telefono.\r\n<em>Luogo del trattamento: <\/em>Italia\r\n\r\n\r\n\r\n<strong>Interazione con social network e piattaforme esterne<\/strong>\r\n\r\n\r\n\r\nQuesto tipo di servizi permette di effettuare interazioni con i social network, o con altre piattaforme esterne, direttamente dalle pagine di questo Sito Web.\r\nLe interazioni e le informazioni acquisite da questo Sito Web sono in ogni caso soggette alle impostazioni privacy dell\u2019Utente relative ad ogni social network.\r\nNel caso in cui sia installato un servizio di interazione con i social network, \u00e8 possibile che, anche nel caso gli Utenti non utilizzino il servizio, lo stesso raccolga dati di traffico relativi alle pagine in cui \u00e8 installato.\r\n\r\n\r\n\r\n<strong>Pulsante Mi Piace e widget sociali di Facebook (Facebook, Inc.)<\/strong>\r\n\r\n\r\n\r\nIl pulsante \u201cMi Piace\u201d e i widget sociali di Facebook sono servizi di interazione con il social network Facebook, forniti da Facebook, Inc.\r\n\r\n\r\n\r\nDati Personali raccolti: Cookie e Dati di utilizzo.\r\n\r\n\r\n\r\nLuogo del trattamento: USA \u2013\u00a0<a href=\"https:\/\/www.facebook.com\/privacy\/explanation\">Privacy Policy<\/a>.\r\n\r\n\r\n\r\n<strong>Pulsante +1 e widget sociali di Google+ (Google Inc.)<\/strong>\r\n\r\n\r\n\r\nIl pulsante +1 e i widget sociali di Google+ sono servizi di interazione con il social network Google+, forniti da Google Inc.\r\n\r\n\r\n\r\nDati Personali raccolti: Cookie e Dati di utilizzo.\r\n\r\n\r\n\r\nLuogo del trattamento: USA \u2013\u00a0<a href=\"https:\/\/www.google.com\/intl\/it\/policies\/privacy\/\">Privacy Policy<\/a>.\r\n\r\n\r\n\r\n<strong>Pulsante \u201cPin it\u201d e widget sociali di Pinterest (Pinterest)<\/strong>\r\n\r\n\r\n\r\nIl pulsante \u201cPin it\u201d e widget sociali di Pinterest sono servizi di interazione con la piattaforma Pinterest, forniti da Pinterest Inc.\r\n\r\n\r\n\r\nDati Personali raccolti: Cookie e Dati di utilizzo.\r\n\r\n\r\n\r\nLuogo del trattamento: USA \u2013\u00a0<a href=\"https:\/\/about.pinterest.com\/en\/privacy-policy\">Privacy Policy<\/a>.\r\n\r\n\r\n\r\n<strong>Pulsante Tweet e widget sociali di Twitter (Twitter, Inc.)<\/strong>\r\n\r\n\r\n\r\nIl pulsante Tweet e i widget sociali di Twitter sono servizi di interazione con il social network Twitter, forniti da Twitter, Inc.\r\n\r\n\r\n\r\nDati Personali raccolti: Cookie e Dati di utilizzo.\r\n\r\n\r\n\r\nLuogo del trattamento: USA \u2013\u00a0<a href=\"https:\/\/twitter.com\/privacy\">Privacy Policy<\/a>.\r\n\r\n\r\n\r\n<strong>Protezione dallo SPAM<\/strong>\r\n\r\n\r\n\r\nQuesto tipo di servizi analizza il traffico di questo Sito Web, potenzialmente contenente Dati Personali degli Utenti, al fine di filtrarlo da parti di traffico, messaggi e contenuti riconosciuti come SPAM.\r\n\r\n\r\n\r\n<strong>Statistica<\/strong>\r\n\r\n\r\n\r\nI servizi contenuti nella presente sezione permettono al Titolare del Trattamento di monitorare e analizzare i dati di traffico e servono a tener traccia del comportamento dell\u2019Utente.\r\n\r\n\r\n<h4 class=\"wp-block-heading\">Jetpack<\/h4>\r\n\r\n\r\nJetpack semplifica la gestione dei siti WordPress offrendo statistiche sui visitatori, servizi di sicurezza, rendendo pi\u00f9 veloce la visualizzazione di immagini e consentendo di ottenere pi\u00f9 traffico.\r\nUlteriori informazioni sulla gestione della privacy e\/o sulle modalit\u00e0 per rifiutare o eliminare questo tipo di cookie sono disponibili alla URL: <a href=\"http:\/\/www.google.com\/intl\/it_ALL\/analytics\/learn\/privacy.html\">http:\/\/www.google.com\/intl\/it_ALL\/analytics\/learn\/privacy.html<\/a>.\r\nL\u2019Utente pu\u00f2 disabilitare in modo selettivo l\u2019azione di Google Analytics installando sul proprio browser il componente di opt-out fornito da Google. Per disabilitare la raccolta di dati da parte di Google Analytics, si rinvia al link di seguito indicato: https:\/\/automattic.com\/privacy\/<em>\r\nDati Personali raccolti: Cookie e Dati di utilizzo\r\nLuogo del trattamento: USA\r\n<a href=\"https:\/\/automattic.com\/privacy\/\" target=\"_blank\" rel=\"noreferrer noopener\">Privacy Policy Jetpack<\/a><\/em>\r\n\r\n\r\n\r\n<strong>Google Analytics (Google Inc.)<\/strong>\r\n\r\n\r\n\r\nGoogle Analytics \u00e8 un servizio di analisi web fornito da Google Inc. (\u201cGoogle\u201d). Google utilizza i Dati Personali,\u00a0raccolti in forma anonima su questo Sito, allo scopo di tracciare ed esaminare l\u2019utilizzo di questo Sito Web, compilare report e condividerli con gli altri servizi sviluppati da Google.\r\nGoogle potrebbe utilizzare i Dati Personali,\u00a0raccolti in modo anonima su questo Sito, per contestualizzare e personalizzare gli annunci del proprio network pubblicitario.\r\n\r\n\r\n\r\nDati Personali raccolti: Cookie e Dati di utilizzo.\r\n\r\n\r\n\r\nLuogo del trattamento: USA \u2013\u00a0<a href=\"https:\/\/www.google.com\/intl\/it\/policies\/privacy\/\">Privacy Policy<\/a>\u00a0\u2013\u00a0<a href=\"https:\/\/tools.google.com\/dlpage\/gaoptout?hl=it\">Opt Out<\/a>.\r\n\r\n\r\n\r\n<strong>Visualizzazione di contenuti da piattaforme esterne<\/strong>\r\n\r\n\r\n\r\nQuesto tipo di servizi permette di visualizzare contenuti ospitati su piattaforme esterne direttamente dalle pagine di questo Sito Web e di interagire con essi.\r\nNel caso in cui sia installato un servizio di questo tipo, \u00e8 possibile che, anche nel caso gli Utenti non utilizzino il servizio, lo stesso raccolga dati di traffico relativi alle pagine in cui \u00e8 installato.\r\n\r\n\r\n\r\n<strong>Google Fonts (Google Inc.)<\/strong>\r\n\r\n\r\n\r\nGoogle Fonts \u00e8 un servizio di visualizzazione di stili di carattere gestito da Google Inc. che permette a questo Sito Web di integrare tali contenuti all\u2019interno delle proprie pagine.\r\n\r\n\r\n\r\nDati Personali raccolti: Dati di utilizzo e varie tipologie di Dati secondo quanto specificato dalla privacy policy del servizio.\r\n\r\n\r\n\r\nLuogo del trattamento: USA \u2013\u00a0<a href=\"https:\/\/www.google.it\/intl\/policies\/privacy\/\">Privacy Policy<\/a>.\r\n\r\n\r\n\r\n<strong>YouTube (Google Inc.)<\/strong>\r\n\r\n\r\n\r\nYouTube \u00e8 un servizio di visualizzazione di contenuti video gestito da Google Inc. che permette a questo Sito Web di integrare tali contenuti all\u2019interno delle proprie pagine.\r\n\r\n\r\n\r\nDati Personali raccolti: Cookie e Dati di utilizzo.\r\n\r\n\r\n\r\nLuogo del trattamento: Stati Uniti \u2013\u00a0<a href=\"http:\/\/www.google.it\/intl\/it\/policies\/privacy\/\">Privacy Policy<\/a>.\r\n\r\n\r\n\r\n<strong>Google Maps<\/strong>\r\n\r\n\r\n\r\nGoogle Maps \u00e8 un servizio di visualizzazione di mappe gestito da Google Inc. che permette a questo Sito Web di integrare tali contenuti all\u2019interno delle proprie pagine.\r\n\r\n\r\n\r\nDati Personali raccolti: Cookie e Dati di utilizzo.\r\n\r\n\r\n\r\nLuogo del trattamento: USA \u2013 <a href=\"https:\/\/www.google.it\/intl\/it\/policies\/privacy\/\" target=\"_blank\" rel=\"noreferrer noopener\">Privacy Policy<\/a>.\r\n\r\n\r\n\r\n<strong>Diritti dell\u2019Utente<\/strong>\r\n\r\n\r\n\r\nGli Utenti possono esercitare determinati diritti con riferimento ai Dati trattati dal Titolare.\r\n\r\n\r\n\r\nIn particolare, l\u2019Utente ha il diritto di:\r\n\r\n\r\n<ul class=\"wp-block-list\">\r\n \t<li><strong>revocare il consenso in ogni momento.<\/strong>\u00a0L\u2019Utente pu\u00f2 revocare il consenso al trattamento dei propri Dati Personali precedentemente espresso.<\/li>\r\n \t<li><strong>opporsi al trattamento dei propri Dati.<\/strong>\u00a0L\u2019Utente pu\u00f2 opporsi al trattamento dei propri Dati quando esso avviene su una base giuridica diversa dal consenso. Ulteriori dettagli sul diritto di opposizione sono indicati nella sezione sottostante.<\/li>\r\n \t<li><strong>accedere ai propri Dati.<\/strong>\u00a0L\u2019Utente ha diritto ad ottenere informazioni sui Dati trattati dal Titolare, su determinati aspetti del trattamento ed a ricevere una copia dei Dati trattati.<\/li>\r\n \t<li><strong>verificare e chiedere la rettificazione.<\/strong>\u00a0L\u2019Utente pu\u00f2 verificare la correttezza dei propri Dati e richiederne l\u2019aggiornamento o la correzione.<\/li>\r\n \t<li><strong>ottenere la limitazione del trattamento.<\/strong>\u00a0Quando ricorrono determinate condizioni, l\u2019Utente pu\u00f2 richiedere la limitazione del trattamento dei propri Dati. In tal caso il Titolare non tratter\u00e0 i Dati per alcun altro scopo se non la loro conservazione.<\/li>\r\n \t<li><strong>ottenere la cancellazione o rimozione dei propri Dati Personali.<\/strong>\u00a0Quando ricorrono determinate condizioni, l\u2019Utente pu\u00f2 richiedere la cancellazione dei propri Dati da parte del Titolare.<\/li>\r\n \t<li><strong>ricevere i propri Dati o farli trasferire ad altro titolare.<\/strong>\u00a0L\u2019Utente ha diritto di ricevere i propri Dati in formato strutturato, di uso comune e leggibile da dispositivo automatico e, ove tecnicamente fattibile, di ottenerne il trasferimento senza ostacoli a un altro titolare. Questa disposizione \u00e8 applicabile quando i Dati sono trattati con strumenti automatizzati ed il trattamento \u00e8 basato sul consenso dell\u2019Utente, su un contratto di cui l\u2019Utente \u00e8 parte o su misure contrattuali ad esso connesse.<\/li>\r\n \t<li><strong>proporre reclamo.<\/strong>\u00a0L\u2019Utente pu\u00f2 proporre un reclamo all\u2019autorit\u00e0 di controllo della protezione dei dati personali competente o agire in sede giudiziale.<\/li>\r\n<\/ul>\r\n\r\n\r\n<strong>Come esercitare i diritti<\/strong>\r\n\r\n\r\n\r\nPer esercitare i diritti dell\u2019Utente, gli Utenti possono indirizzare una richiesta agli estremi di contatto del Titolare indicati in questo documento. Le richieste sono depositate a titolo gratuito e evase dal Titolare nel pi\u00f9 breve tempo possibile, in ogni caso entro un mese.\r\n\r\n\r\n\r\n<strong>Ulteriori informazioni sul trattamento<\/strong>\r\n\r\n\r\n\r\n<strong>Difesa in giudizio<\/strong>\r\n\r\n\r\n\r\nI Dati Personali dell\u2019Utente possono essere utilizzati da parte del Titolare in giudizio o nelle fasi preparatorie alla sua eventuale instaurazione per la difesa da abusi nell\u2019utilizzo di questo Sito Web o dei Servizi connessi da parte dell\u2019Utente.\r\n\r\n\r\n\r\nL\u2019Utente dichiara di essere consapevole che il Titolare potrebbe essere obbligato a rivelare i Dati per ordine delle autorit\u00e0 pubbliche.\r\n\r\n\r\n\r\n<strong>Informative specifiche<\/strong>\r\n\r\n\r\n\r\nSu richiesta dell\u2019Utente, in aggiunta alle informazioni contenute in questa privacy policy, questo Sito Web potrebbe fornire all\u2019Utente delle informative aggiuntive e contestuali riguardanti Servizi specifici, o la raccolta ed il trattamento di Dati Personali.\r\n\r\n\r\n\r\n<strong>Log di sistema e manutenzione<\/strong>\r\n\r\n\r\n\r\nPer necessit\u00e0 legate al funzionamento ed alla manutenzione, questo Sito Web e gli eventuali servizi terzi da essa utilizzati potrebbero raccogliere Log di sistema, ossia file che registrano le interazioni e che possono contenere anche Dati Personali, quali l\u2019indirizzo IP Utente.\r\n\r\n\r\n\r\n<strong>Informazioni non contenute in questa policy<\/strong>\r\n\r\n\r\n\r\nUlteriori informazioni in relazione al trattamento dei Dati Personali potranno essere richieste in qualsiasi momento al Titolare del Trattamento utilizzando gli estremi di contatto.\r\n\r\n","protected":false},"excerpt":{"rendered":"<p>Informativa e consenso al trattamento dei dati personali Ai sensi del Regolamento Europeo 2016\/679 (GDPR) e del DLgs 30.6.2003, n. 196 (codice privacy), l\u2019azienda Vi fornisce alcune informazioni relative all\u2019utilizzo dei Vostri dati personali. Titolare del trattamento dati Fattoria La Capitana &#8211; Via della Capitana 1, 58052 Magliano in Toscana (Grosseto) &#8211; P.iva 04935620486 \u2013 [&hellip;]<\/p>\n","protected":false},"author":1,"featured_media":0,"parent":0,"menu_order":0,"comment_status":"closed","ping_status":"closed","template":"","meta":{"footnotes":""},"class_list":["post-20","page","type-page","status-publish","hentry"],"yoast_head":"<!-- This site is optimized with the Yoast SEO plugin v27.3 - https:\/\/yoast.com\/product\/yoast-seo-wordpress\/ -->\n<title>Privacy Policy - La Capitana | Tenuta di Campagna in Toscana<\/title>\n<meta name=\"robots\" content=\"index, follow, max-snippet:-1, max-image-preview:large, max-video-preview:-1\" \/>\n<link rel=\"canonical\" href=\"https:\/\/lacapitana.it\/?page_id=20\" \/>\n<meta property=\"og:locale\" content=\"it_IT\" \/>\n<meta property=\"og:type\" content=\"article\" \/>\n<meta property=\"og:title\" content=\"Privacy Policy - La Capitana | Tenuta di Campagna in Toscana\" \/>\n<meta property=\"og:description\" content=\"Informativa e consenso al trattamento dei dati personali Ai sensi del Regolamento Europeo 2016\/679 (GDPR) e del DLgs 30.6.2003, n. 196 (codice privacy), l\u2019azienda Vi fornisce alcune informazioni relative all\u2019utilizzo dei Vostri dati personali. Titolare del trattamento dati Fattoria La Capitana &#8211; Via della Capitana 1, 58052 Magliano in Toscana (Grosseto) &#8211; P.iva 04935620486 \u2013 [&hellip;]\" \/>\n<meta property=\"og:url\" content=\"https:\/\/lacapitana.it\/?page_id=20\" \/>\n<meta property=\"og:site_name\" content=\"La Capitana | Tenuta di Campagna in Toscana\" \/>\n<meta property=\"article:modified_time\" content=\"2019-06-13T07:12:14+00:00\" \/>\n<meta name=\"twitter:card\" content=\"summary_large_image\" \/>\n<meta name=\"twitter:label1\" content=\"Tempo di lettura stimato\" \/>\n\t<meta name=\"twitter:data1\" content=\"18 minuti\" \/>\n<script type=\"application\/ld+json\" class=\"yoast-schema-graph\">{\"@context\":\"https:\\\/\\\/schema.org\",\"@graph\":[{\"@type\":\"WebPage\",\"@id\":\"https:\\\/\\\/lacapitana.it\\\/?page_id=20\",\"url\":\"https:\\\/\\\/lacapitana.it\\\/?page_id=20\",\"name\":\"Privacy Policy - La Capitana | Tenuta di Campagna in Toscana\",\"isPartOf\":{\"@id\":\"https:\\\/\\\/lacapitana.it\\\/#website\"},\"datePublished\":\"2019-06-07T06:51:57+00:00\",\"dateModified\":\"2019-06-13T07:12:14+00:00\",\"breadcrumb\":{\"@id\":\"https:\\\/\\\/lacapitana.it\\\/?page_id=20#breadcrumb\"},\"inLanguage\":\"it-IT\",\"potentialAction\":[{\"@type\":\"ReadAction\",\"target\":[\"https:\\\/\\\/lacapitana.it\\\/?page_id=20\"]}]},{\"@type\":\"BreadcrumbList\",\"@id\":\"https:\\\/\\\/lacapitana.it\\\/?page_id=20#breadcrumb\",\"itemListElement\":[{\"@type\":\"ListItem\",\"position\":1,\"name\":\"Home\",\"item\":\"https:\\\/\\\/lacapitana.it\\\/\"},{\"@type\":\"ListItem\",\"position\":2,\"name\":\"Privacy Policy\"}]},{\"@type\":\"WebSite\",\"@id\":\"https:\\\/\\\/lacapitana.it\\\/#website\",\"url\":\"https:\\\/\\\/lacapitana.it\\\/\",\"name\":\"La Capitana | Tenuta di Campagna in Toscana\",\"description\":\"\",\"potentialAction\":[{\"@type\":\"SearchAction\",\"target\":{\"@type\":\"EntryPoint\",\"urlTemplate\":\"https:\\\/\\\/lacapitana.it\\\/?s={search_term_string}\"},\"query-input\":{\"@type\":\"PropertyValueSpecification\",\"valueRequired\":true,\"valueName\":\"search_term_string\"}}],\"inLanguage\":\"it-IT\"}]}<\/script>\n<!-- \/ Yoast SEO plugin. -->","yoast_head_json":{"title":"Privacy Policy - La Capitana | Tenuta di Campagna in Toscana","robots":{"index":"index","follow":"follow","max-snippet":"max-snippet:-1","max-image-preview":"max-image-preview:large","max-video-preview":"max-video-preview:-1"},"canonical":"https:\/\/lacapitana.it\/?page_id=20","og_locale":"it_IT","og_type":"article","og_title":"Privacy Policy - La Capitana | Tenuta di Campagna in Toscana","og_description":"Informativa e consenso al trattamento dei dati personali Ai sensi del Regolamento Europeo 2016\/679 (GDPR) e del DLgs 30.6.2003, n. 196 (codice privacy), l\u2019azienda Vi fornisce alcune informazioni relative all\u2019utilizzo dei Vostri dati personali. Titolare del trattamento dati Fattoria La Capitana &#8211; Via della Capitana 1, 58052 Magliano in Toscana (Grosseto) &#8211; P.iva 04935620486 \u2013 [&hellip;]","og_url":"https:\/\/lacapitana.it\/?page_id=20","og_site_name":"La Capitana | Tenuta di Campagna in Toscana","article_modified_time":"2019-06-13T07:12:14+00:00","twitter_card":"summary_large_image","twitter_misc":{"Tempo di lettura stimato":"18 minuti"},"schema":{"@context":"https:\/\/schema.org","@graph":[{"@type":"WebPage","@id":"https:\/\/lacapitana.it\/?page_id=20","url":"https:\/\/lacapitana.it\/?page_id=20","name":"Privacy Policy - La Capitana | Tenuta di Campagna in Toscana","isPartOf":{"@id":"https:\/\/lacapitana.it\/#website"},"datePublished":"2019-06-07T06:51:57+00:00","dateModified":"2019-06-13T07:12:14+00:00","breadcrumb":{"@id":"https:\/\/lacapitana.it\/?page_id=20#breadcrumb"},"inLanguage":"it-IT","potentialAction":[{"@type":"ReadAction","target":["https:\/\/lacapitana.it\/?page_id=20"]}]},{"@type":"BreadcrumbList","@id":"https:\/\/lacapitana.it\/?page_id=20#breadcrumb","itemListElement":[{"@type":"ListItem","position":1,"name":"Home","item":"https:\/\/lacapitana.it\/"},{"@type":"ListItem","position":2,"name":"Privacy Policy"}]},{"@type":"WebSite","@id":"https:\/\/lacapitana.it\/#website","url":"https:\/\/lacapitana.it\/","name":"La Capitana | Tenuta di Campagna in Toscana","description":"","potentialAction":[{"@type":"SearchAction","target":{"@type":"EntryPoint","urlTemplate":"https:\/\/lacapitana.it\/?s={search_term_string}"},"query-input":{"@type":"PropertyValueSpecification","valueRequired":true,"valueName":"search_term_string"}}],"inLanguage":"it-IT"}]}},"_links":{"self":[{"href":"https:\/\/lacapitana.it\/index.php?rest_route=\/wp\/v2\/pages\/20","targetHints":{"allow":["GET"]}}],"collection":[{"href":"https:\/\/lacapitana.it\/index.php?rest_route=\/wp\/v2\/pages"}],"about":[{"href":"https:\/\/lacapitana.it\/index.php?rest_route=\/wp\/v2\/types\/page"}],"author":[{"embeddable":true,"href":"https:\/\/lacapitana.it\/index.php?rest_route=\/wp\/v2\/users\/1"}],"replies":[{"embeddable":true,"href":"https:\/\/lacapitana.it\/index.php?rest_route=%2Fwp%2Fv2%2Fcomments&post=20"}],"version-history":[{"count":3,"href":"https:\/\/lacapitana.it\/index.php?rest_route=\/wp\/v2\/pages\/20\/revisions"}],"predecessor-version":[{"id":363,"href":"https:\/\/lacapitana.it\/index.php?rest_route=\/wp\/v2\/pages\/20\/revisions\/363"}],"wp:attachment":[{"href":"https:\/\/lacapitana.it\/index.php?rest_route=%2Fwp%2Fv2%2Fmedia&parent=20"}],"curies":[{"name":"wp","href":"https:\/\/api.w.org\/{rel}","templated":true}]}}